{"id":26,"date":"2021-06-04T04:37:36","date_gmt":"2021-06-04T04:37:36","guid":{"rendered":"https:\/\/relativizmus.ku.sk\/old\/?page_id=26"},"modified":"2021-11-18T23:40:27","modified_gmt":"2021-11-18T23:40:27","slug":"aktivity","status":"publish","type":"page","link":"https:\/\/relativizmus.ku.sk\/old\/aktivity\/","title":{"rendered":"aktivity"},"content":{"rendered":"\n<p><em>2021\/11\/18 hos\u0165ovsk\u00e1 predn\u00e1\u0161ka J\u00e1na Hre\u0161ka, &#8222;Pravda ako predpoklad re\u010di a vystavenie sa ot\u00e1zke&#8220;<\/em><\/p>\n\n\n\n<figure class=\"wp-block-image size-full is-resized\"><img loading=\"lazy\" decoding=\"async\" src=\"https:\/\/relativizmus.ku.sk\/old\/wp-content\/uploads\/2021\/11\/2011_11_Jan_Hresko.png\" alt=\"\" class=\"wp-image-105\" width=\"333\" height=\"184\" srcset=\"https:\/\/relativizmus.ku.sk\/old\/wp-content\/uploads\/2021\/11\/2011_11_Jan_Hresko.png 1024w, https:\/\/relativizmus.ku.sk\/old\/wp-content\/uploads\/2021\/11\/2011_11_Jan_Hresko-300x166.png 300w, https:\/\/relativizmus.ku.sk\/old\/wp-content\/uploads\/2021\/11\/2011_11_Jan_Hresko-768x426.png 768w\" sizes=\"auto, (max-width: 333px) 100vw, 333px\" \/><\/figure>\n\n\n\n<p><\/p>\n\n\n\n<p><em>2021\/11\/11 hos\u0165ovsk\u00e1 predn\u00e1\u0161ka Filipa Tvrd\u00e9ho, &#8222;V\u00fduka kritick\u00e9ho my\u0161len\u00ed a jej\u00ed limity&#8220;<\/em><\/p>\n\n\n\n<figure class=\"wp-block-image size-large is-resized\"><img loading=\"lazy\" decoding=\"async\" src=\"https:\/\/relativizmus.ku.sk\/old\/wp-content\/uploads\/2021\/11\/2021_11_TV_Tvrdy1-1024x540.png\" alt=\"\" class=\"wp-image-104\" width=\"333\" height=\"175\" srcset=\"https:\/\/relativizmus.ku.sk\/old\/wp-content\/uploads\/2021\/11\/2021_11_TV_Tvrdy1-1024x540.png 1024w, https:\/\/relativizmus.ku.sk\/old\/wp-content\/uploads\/2021\/11\/2021_11_TV_Tvrdy1-300x158.png 300w, https:\/\/relativizmus.ku.sk\/old\/wp-content\/uploads\/2021\/11\/2021_11_TV_Tvrdy1-768x405.png 768w, https:\/\/relativizmus.ku.sk\/old\/wp-content\/uploads\/2021\/11\/2021_11_TV_Tvrdy1-1536x809.png 1536w, https:\/\/relativizmus.ku.sk\/old\/wp-content\/uploads\/2021\/11\/2021_11_TV_Tvrdy1-2048x1079.png 2048w, https:\/\/relativizmus.ku.sk\/old\/wp-content\/uploads\/2021\/11\/2021_11_TV_Tvrdy1-1200x632.png 1200w, https:\/\/relativizmus.ku.sk\/old\/wp-content\/uploads\/2021\/11\/2021_11_TV_Tvrdy1-1980x1043.png 1980w\" sizes=\"auto, (max-width: 333px) 100vw, 333px\" \/><\/figure>\n\n\n\n<p><\/p>\n\n\n\n<p><em>2021\/9 konferencia, XXV. \u010cesko-slovensk\u00e9 symp\u00f3zium o analytickej filozofii, Univerzita Mateja Bela v Banskej Bystrici<\/em><\/p>\n\n\n\n<p>V r\u00e1mci pl\u00e1novan\u00e9ho podujatia \u010dlenovia projektu vyst\u00fapili so svojimi pr\u00edspevkami &#8211; v\u00fdstupmi projektu. Konkr\u00e9tne, na konferencii vyst\u00fapili 17. 9. 2021 Eugen Zele\u0148\u00e1k (Zdroj relativizmu v narativistickom v\u00fdklade hist\u00f3rie) a Pavol Labuda (Pojmov\u00fd relativizmus ako predpoklad pojmov\u00e9ho in\u017einierstva).<\/p>\n\n\n\n<figure class=\"wp-block-image size-full is-resized\"><img loading=\"lazy\" decoding=\"async\" src=\"https:\/\/relativizmus.ku.sk\/old\/wp-content\/uploads\/2021\/11\/20210917_094838-01.jpeg\" alt=\"\" class=\"wp-image-103\" width=\"269\" height=\"201\" srcset=\"https:\/\/relativizmus.ku.sk\/old\/wp-content\/uploads\/2021\/11\/20210917_094838-01.jpeg 1024w, https:\/\/relativizmus.ku.sk\/old\/wp-content\/uploads\/2021\/11\/20210917_094838-01-300x225.jpeg 300w, https:\/\/relativizmus.ku.sk\/old\/wp-content\/uploads\/2021\/11\/20210917_094838-01-768x576.jpeg 768w\" sizes=\"auto, (max-width: 269px) 100vw, 269px\" \/><\/figure>\n\n\n\n<p> <\/p>\n\n\n\n<p><\/p>\n\n\n\n<p><em>2021\/6 workshop\/diskusia s Clemensom Sedmakom &#8222;The Challenges of Relativism&#8220;<\/em>, <a href=\"https:\/\/relativizmus.ku.sk\/old\/the-challenges-of-relativism\/\" data-type=\"URL\" data-id=\"https:\/\/relativizmus.ku.sk\/old\/the-challenges-of-relativism\/\">viac<\/a><\/p>\n\n\n\n<figure class=\"wp-block-image size-large is-resized\"><img loading=\"lazy\" decoding=\"async\" src=\"https:\/\/relativizmus.ku.sk\/old\/wp-content\/uploads\/2021\/07\/2021_6_Sedmak_workshop.jpg\" alt=\"\" class=\"wp-image-66\" width=\"265\" height=\"176\" srcset=\"https:\/\/relativizmus.ku.sk\/old\/wp-content\/uploads\/2021\/07\/2021_6_Sedmak_workshop.jpg 1024w, https:\/\/relativizmus.ku.sk\/old\/wp-content\/uploads\/2021\/07\/2021_6_Sedmak_workshop-300x199.jpg 300w, https:\/\/relativizmus.ku.sk\/old\/wp-content\/uploads\/2021\/07\/2021_6_Sedmak_workshop-768x510.jpg 768w\" sizes=\"auto, (max-width: 265px) 100vw, 265px\" \/><\/figure>\n\n\n\n<p><em>2021\/5\/13 diskusia o obsahu pripravovanej knihy E. Zele\u0148\u00e1ka, Hist\u00f3ria a relativizmus<\/em><\/p>\n\n\n\n<p><em>2021\/3\/25 diskusia o texte I. Fi\u013eovej, Relat\u00edvna identita umenia na pozad\u00ed argument\u00e1cie Eddyho Zemacha<\/em> <\/p>\n\n\n\n<p><em>2021\/3\/18 diskusia o texte M. Nebo\u0161kovej o Rovanovej relativistickej koncepcii multimundializmu<\/em><\/p>\n\n\n\n<p><em>2020\/12\/10 diskusia o texte P. Voleka, Vedeck\u00fd realizmus a nedour\u010denos\u0165 te\u00f3ri\u00ed<\/em><\/p>\n\n\n\n<p><em>2020\/12\/3 diskusia o texte P. Labudu, Je pojmov\u00fd relativiuzmus predpokladom filozofie ako pojmov\u00e9ho in\u017einierstva?<\/em><\/p>\n\n\n\n<p><em>2020\/11\/30 osobitn\u00e9 grantov\u00e9 stretnutie o kapitol\u00e1ch 4 a 5 knihy Maria Baghramian, Annalisa Coliva, Relativism<\/em><\/p>\n\n\n\n<figure class=\"wp-block-image size-large is-resized\"><img loading=\"lazy\" decoding=\"async\" src=\"https:\/\/relativizmus.ku.sk\/old\/wp-content\/uploads\/2021\/07\/2020_knihy_relat_baghramian.jpg\" alt=\"\" class=\"wp-image-97\" width=\"266\" height=\"128\" srcset=\"https:\/\/relativizmus.ku.sk\/old\/wp-content\/uploads\/2021\/07\/2020_knihy_relat_baghramian.jpg 1017w, https:\/\/relativizmus.ku.sk\/old\/wp-content\/uploads\/2021\/07\/2020_knihy_relat_baghramian-300x145.jpg 300w, https:\/\/relativizmus.ku.sk\/old\/wp-content\/uploads\/2021\/07\/2020_knihy_relat_baghramian-768x372.jpg 768w\" sizes=\"auto, (max-width: 266px) 100vw, 266px\" \/><\/figure>\n\n\n\n<p><em>2020\/11\/19 diskusia o texte J. Hrk\u00fata, Gombrich a Goodman o relativitetsteori obrazov\u00fdch reprezent\u00e1ci\u00ed<\/em><\/p>\n\n\n\n<p><em>2020\/10\/15 diskusia o texte E. Zele\u0148\u00e1ka, Prekra\u010dovanie relativizmu v s\u00fa\u010dasnej filozofii hist\u00f3rie<\/em><\/p>\n\n\n\n<p><em>2019\/11 konferencia, Akaki Tsereteli State University, Kutaisi, Gruz\u00ednsko<\/em>, <a href=\"https:\/\/relativizmus.ku.sk\/old\/konferencia-na-univerzite-v-kutaisi\/\">viac<\/a><\/p>\n\n\n\n<figure class=\"wp-block-image size-large is-resized\"><img loading=\"lazy\" decoding=\"async\" src=\"https:\/\/relativizmus.ku.sk\/old\/wp-content\/uploads\/2021\/07\/2019_11_Kutaisi_conferece-1024x768.jpg\" alt=\"\" class=\"wp-image-64\" width=\"267\" height=\"200\" srcset=\"https:\/\/relativizmus.ku.sk\/old\/wp-content\/uploads\/2021\/07\/2019_11_Kutaisi_conferece-1024x768.jpg 1024w, https:\/\/relativizmus.ku.sk\/old\/wp-content\/uploads\/2021\/07\/2019_11_Kutaisi_conferece-300x225.jpg 300w, https:\/\/relativizmus.ku.sk\/old\/wp-content\/uploads\/2021\/07\/2019_11_Kutaisi_conferece-768x576.jpg 768w, https:\/\/relativizmus.ku.sk\/old\/wp-content\/uploads\/2021\/07\/2019_11_Kutaisi_conferece-1200x900.jpg 1200w, https:\/\/relativizmus.ku.sk\/old\/wp-content\/uploads\/2021\/07\/2019_11_Kutaisi_conferece.jpg 1280w\" sizes=\"auto, (max-width: 267px) 100vw, 267px\" \/><\/figure>\n\n\n\n<p><\/p>\n","protected":false},"excerpt":{"rendered":"<p>2021\/11\/18 hos\u0165ovsk\u00e1 predn\u00e1\u0161ka J\u00e1na Hre\u0161ka, &#8222;Pravda ako predpoklad re\u010di a vystavenie sa ot\u00e1zke&#8220; 2021\/11\/11 hos\u0165ovsk\u00e1 predn\u00e1\u0161ka Filipa Tvrd\u00e9ho, &#8222;V\u00fduka kritick\u00e9ho my\u0161len\u00ed a jej\u00ed limity&#8220; 2021\/9 konferencia, XXV. \u010cesko-slovensk\u00e9 symp\u00f3zium o analytickej filozofii, Univerzita Mateja Bela v Banskej Bystrici V r\u00e1mci pl\u00e1novan\u00e9ho podujatia \u010dlenovia projektu vyst\u00fapili so svojimi pr\u00edspevkami &#8211; v\u00fdstupmi projektu. Konkr\u00e9tne, na konferencii vyst\u00fapili [&hellip;]<\/p>\n","protected":false},"author":2,"featured_media":0,"parent":0,"menu_order":0,"comment_status":"closed","ping_status":"closed","template":"","meta":{"footnotes":""},"class_list":["post-26","page","type-page","status-publish","hentry"],"_links":{"self":[{"href":"https:\/\/relativizmus.ku.sk\/old\/wp-json\/wp\/v2\/pages\/26","targetHints":{"allow":["GET"]}}],"collection":[{"href":"https:\/\/relativizmus.ku.sk\/old\/wp-json\/wp\/v2\/pages"}],"about":[{"href":"https:\/\/relativizmus.ku.sk\/old\/wp-json\/wp\/v2\/types\/page"}],"author":[{"embeddable":true,"href":"https:\/\/relativizmus.ku.sk\/old\/wp-json\/wp\/v2\/users\/2"}],"replies":[{"embeddable":true,"href":"https:\/\/relativizmus.ku.sk\/old\/wp-json\/wp\/v2\/comments?post=26"}],"version-history":[{"count":9,"href":"https:\/\/relativizmus.ku.sk\/old\/wp-json\/wp\/v2\/pages\/26\/revisions"}],"predecessor-version":[{"id":106,"href":"https:\/\/relativizmus.ku.sk\/old\/wp-json\/wp\/v2\/pages\/26\/revisions\/106"}],"wp:attachment":[{"href":"https:\/\/relativizmus.ku.sk\/old\/wp-json\/wp\/v2\/media?parent=26"}],"curies":[{"name":"wp","href":"https:\/\/api.w.org\/{rel}","templated":true}]}}